{"id":31,"date":"2020-06-06T02:49:34","date_gmt":"2020-06-06T02:49:34","guid":{"rendered":"https:\/\/rafaelprado.com\/?page_id=31"},"modified":"2023-01-19T14:49:48","modified_gmt":"2023-01-19T14:49:48","slug":"biografia","status":"publish","type":"page","link":"https:\/\/rafaelprado.com\/?page_id=31","title":{"rendered":"BIOGRAF\u00cdA"},"content":{"rendered":"\n<p>Rafael Prado nace en Minas de Riotinto (Huelva) en junio de 1975. Doctor en Comunicaci\u00f3n Audiovisual por la Universidad de Sevilla. Licenciado en Piano;  Licenciado en Solfeo, Teor\u00eda de la m\u00fasica, Transporte y Acompa\u00f1amiento y Licenciado en Composici\u00f3n, Instrumentaci\u00f3n, Contrapunto, Armon\u00eda y Fuga.<\/p>\n\n\n\n<p class=\"has-text-align-justify\">La\u00a0Fundaci\u00f3n Cultura de Paz\u00a0y en su nombre como presidente, D.\u00a0Federico Mayor Zaragoza, le nombra\u00a0<strong>M\u00fasico por la Paz,\u00a0<\/strong><em>como reconocimiento a su contribuci\u00f3n, a trav\u00e9s del lenguaje universal de la m\u00fasica, a la construcci\u00f3n y consolidaci\u00f3n de una Cultura de Paz y no-violencia en todo el mundo<\/em><strong>.\u00a0<\/strong>Colabora con la\u00a0<strong>Fundaci\u00f3n Valores<\/strong>, que defiende los principios fundamentales para la construcci\u00f3n de una sociedad global en el siglo XXI que sea justa, sostenible y pac\u00edfica. Miembro del comit\u00e9 cient\u00edfico art\u00edstico del proyecto internacional\u00a0<strong>EcoArte\u00a0<\/strong>como responsable de la\u00a0<strong>dimensi\u00f3n de gesti\u00f3n cient\u00edfico art\u00edstica<\/strong>\u00a0bajo la direcci\u00f3n de la Dra. Mar\u00eda Novo Catedr\u00e1tica UNESCO y el Dr. Federico Mayor Zaragoza.<\/p>\n\n\n\n<p class=\"has-text-align-justify\"><strong>Pianista<\/strong>&nbsp;con nueva visi\u00f3n de concierto&nbsp;<strong>que evoluciona<\/strong>&nbsp;desde la idea de concierto cl\u00e1sico&nbsp;<strong>hacia una nueva visi\u00f3n del espect\u00e1culo sonoro visual<\/strong>. Fue pionero en la realizaci\u00f3n de espect\u00e1culos interdisciplinares. A principios del siglo comienza a producir, dirigir e interpretar junto con otros m\u00fasicos, pintores, escultores y poetas&nbsp;<em>Conciertos Art\u00edsticos Interdisciplinares<\/em>. Del mismo modo produce conciertos audiovisuales pautados gracias a la aplicaci\u00f3n de las nuevas tecnolog\u00edas.<\/p>\n\n\n\n<p class=\"has-text-align-justify\">Compositor de la escuela sevillana de Manuel Castillo. Con ocho a\u00f1os escribe su primera obra,&nbsp;<em>Juegos<\/em>, y a partir de entonces compone obras agrupadas por cuadernos y g\u00e9neros: para piano, sinf\u00f3nicas, m\u00fasica de c\u00e1mara, electroac\u00fasticas o para el mundo de la comunicaci\u00f3n y el cine. Su primer estreno fue en 1992, con la obra&nbsp;<em>Improvisaciones sobre el r\u00edo Tinto. De una producci\u00f3n musical variada con m\u00e1s de cien obras, encontramos los nombres de Danza del Alma,&nbsp;El rugir de la tierra<\/em>,&nbsp;<em>el pasodoble Campofrio, Metamorfosis,&nbsp;Espejismo en el viaje hac\u00eda \u00cdtaca, Atonalismo pol\u00edtico y canonico<\/em>&nbsp;<em>Alborada en el Roc\u00edo<\/em>,&nbsp;<em>Espacio minero<\/em>&nbsp;o&nbsp;<em>X+1<\/em>.<\/p>\n\n\n\n<p class=\"has-text-align-justify\">Es&nbsp;<strong>Periodista Colegiado<\/strong>;&nbsp;<strong>Profesor invitado<\/strong>&nbsp;para la impartici\u00f3n de Conferencias Conciertos sobre Comunicaci\u00f3n Audiovisual por diferentes Universidades, como la prestigiosa&nbsp;<em>Universidad Internacional Men\u00e9ndez y Pelayo de Santander<\/em><strong>, Profesor titular<\/strong>  de&nbsp;<em>M\u00fasica<\/em>&nbsp;y&nbsp;<em>Cultura audiovisual<\/em>, y Director  del&nbsp;<em>Instituto V\u00e1zquez D\u00edaz<\/em>.<\/p>\n\n\n\n<p class=\"has-text-align-justify\">En el a\u00f1o 2008&nbsp;<strong>dise\u00f1a y pone en valor<\/strong>&nbsp;como auditorio al aire libre  la mina a cielo abierto&nbsp;<strong>Pe\u00f1a de Hierro<\/strong>&nbsp;estrenando la&nbsp;<em>Suite Genios de Andaluc\u00eda<\/em>.<\/p>\n\n\n\n<p class=\"has-text-align-justify\">Dise\u00f1a y dirige la Gala del 80 Aniversario del Instituto V\u00e1zquez D\u00edaz,&nbsp;el homenaje a la&nbsp;Selecci\u00f3n de f\u00fatbol de Espa\u00f1a&nbsp;de 1983 (Espa\u00f1a-Malta) organizada por la&nbsp;Real Federaci\u00f3n Espa\u00f1ola de F\u00fatbol y el Excmo. Ayuntamiento de Minas de Riotinto, as\u00ed como el Homenaje a D. Vicente del Bosque en Riotinto.&nbsp;Compone los Himnos a la Villa de Nerva, de Riotinto y del Instituto V\u00e1zquez D\u00edaz.&nbsp;<\/p>\n\n\n\n<p class=\"has-text-align-justify\">\u2022Torre de Nerva y Medalla de la Villa de Nerva por el Excelent\u00edsimo Ayuntamiento de Nerva.&nbsp;\u2022&nbsp;Socio de Honor de la Agrupaci\u00f3n M\u00fasical Villa de Nerva&nbsp;\u2022.<\/p>\n\n\n\n<p>Continuo creador multidisciplinar en incesante disfrute de las posibilidades de la comunicaci\u00f3n audiovisual.<\/p>\n\n\n\n<p><\/p>\n","protected":false},"excerpt":{"rendered":"<p>Rafael Prado nace en Minas de Riotinto (Huelva) en junio de 1975. Doctor en Comunicaci\u00f3n Audiovisual por la Universidad de Sevilla. Licenciado en Piano; Licenciado en Solfeo, Teor\u00eda de la m\u00fasica, Transporte y Acompa\u00f1amiento y Licenciado en Composici\u00f3n, Instrumentaci\u00f3n, Contrapunto, Armon\u00eda y Fuga. La\u00a0Fundaci\u00f3n Cultura de Paz\u00a0y en su nombre como presidente, D.\u00a0Federico Mayor Zaragoza, [&hellip;]<\/p>\n","protected":false},"author":1,"featured_media":0,"parent":0,"menu_order":0,"comment_status":"closed","ping_status":"closed","template":"","meta":{"footnotes":""},"class_list":["post-31","page","type-page","status-publish","hentry"],"_links":{"self":[{"href":"https:\/\/rafaelprado.com\/index.php?rest_route=\/wp\/v2\/pages\/31","targetHints":{"allow":["GET"]}}],"collection":[{"href":"https:\/\/rafaelprado.com\/index.php?rest_route=\/wp\/v2\/pages"}],"about":[{"href":"https:\/\/rafaelprado.com\/index.php?rest_route=\/wp\/v2\/types\/page"}],"author":[{"embeddable":true,"href":"https:\/\/rafaelprado.com\/index.php?rest_route=\/wp\/v2\/users\/1"}],"replies":[{"embeddable":true,"href":"https:\/\/rafaelprado.com\/index.php?rest_route=%2Fwp%2Fv2%2Fcomments&post=31"}],"version-history":[{"count":21,"href":"https:\/\/rafaelprado.com\/index.php?rest_route=\/wp\/v2\/pages\/31\/revisions"}],"predecessor-version":[{"id":1481,"href":"https:\/\/rafaelprado.com\/index.php?rest_route=\/wp\/v2\/pages\/31\/revisions\/1481"}],"wp:attachment":[{"href":"https:\/\/rafaelprado.com\/index.php?rest_route=%2Fwp%2Fv2%2Fmedia&parent=31"}],"curies":[{"name":"wp","href":"https:\/\/api.w.org\/{rel}","templated":true}]}}